{"version":"1.0","provider_name":"\u041c\u0430\u0440\u0435\u043a \u041a\u0443\u0445\u0447\u0438\u043d\u0441\u044c\u043a\u0438\u0439","provider_url":"https:\/\/marekkuchcinski.pl\/uk","title":"Konstytucja 3 maja: wyraz m\u0105dro\u015bci zbiorowej Polak\u00f3w &#8211; Marek Kuchci\u0144ski","type":"rich","width":600,"height":338,"html":"<blockquote class=\"wp-embedded-content\" data-secret=\"iup3Hvn8IT\"><a href=\"https:\/\/marekkuchcinski.pl\/uk\/wydarzenia\/wyraz-madrosci-zbiorowej-polakow\/\">\u041a\u043e\u043d\u0441\u0442\u0438\u0442\u0443\u0446\u0456\u044f 3 \u0442\u0440\u0430\u0432\u043d\u044f: \u0432\u0438\u0440\u0430\u0437 \u043a\u043e\u043b\u0435\u043a\u0442\u0438\u0432\u043d\u043e\u0457 \u043c\u0443\u0434\u0440\u043e\u0441\u0442\u0456 \u043f\u043e\u043b\u044c\u0441\u044c\u043a\u043e\u0433\u043e \u043d\u0430\u0440\u043e\u0434\u0443<\/a><\/blockquote><iframe sandbox=\"allow-scripts\" security=\"restricted\" src=\"https:\/\/marekkuchcinski.pl\/uk\/wydarzenia\/wyraz-madrosci-zbiorowej-polakow\/embed\/#?secret=iup3Hvn8IT\" width=\"600\" height=\"338\" title=\"&#8220;Konstytucja 3 maja: wyraz m\u0105dro\u015bci zbiorowej Polak\u00f3w&#8221; &#8212; Marek Kuchci\u0144ski\" data-secret=\"iup3Hvn8IT\" frameborder=\"0\" marginwidth=\"0\" marginheight=\"0\" scrolling=\"no\" class=\"wp-embedded-content\"><\/iframe><script>\n\/*! This file is auto-generated *\/\n!function(d,l){\"use strict\";l.querySelector&&d.addEventListener&&\"undefined\"!=typeof URL&&(d.wp=d.wp||{},d.wp.receiveEmbedMessage||(d.wp.receiveEmbedMessage=function(e){var t=e.data;if((t||t.secret||t.message||t.value)&&!\/[^a-zA-Z0-9]\/.test(t.secret)){for(var s,r,n,a=l.querySelectorAll('iframe[data-secret=\"'+t.secret+'\"]'),o=l.querySelectorAll('blockquote[data-secret=\"'+t.secret+'\"]'),c=new RegExp(\"^https?:$\",\"i\"),i=0;i<o.length;i++)o[i].style.display=\"none\";for(i=0;i<a.length;i++)s=a[i],e.source===s.contentWindow&&(s.removeAttribute(\"style\"),\"height\"===t.message?(1e3<(r=parseInt(t.value,10))?r=1e3:~~r<200&&(r=200),s.height=r):\"link\"===t.message&&(r=new URL(s.getAttribute(\"src\")),n=new URL(t.value),c.test(n.protocol))&&n.host===r.host&&l.activeElement===s&&(d.top.location.href=t.value))}},d.addEventListener(\"message\",d.wp.receiveEmbedMessage,!1),l.addEventListener(\"DOMContentLoaded\",function(){for(var e,t,s=l.querySelectorAll(\"iframe.wp-embedded-content\"),r=0;r<s.length;r++)(t=(e=s[r]).getAttribute(\"data-secret\"))||(t=Math.random().toString(36).substring(2,12),e.src+=\"#?secret=\"+t,e.setAttribute(\"data-secret\",t)),e.contentWindow.postMessage({message:\"ready\",secret:t},\"*\")},!1)))}(window,document);\n<\/script>","thumbnail_url":"https:\/\/marekkuchcinski.pl\/wp-content\/uploads\/2020\/07\/mk-scaled-1-scaled.jpg","thumbnail_width":2048,"thumbnail_height":1498,"description":"Marek Kuchci\u0144ski z\u0142o\u017cy\u0142 kwiaty przy kamieniu po\u015bwi\u0119conym Konstytucji 3 maja w Przemy\u015blu. \u2013 Ten dzie\u0144 jest \u015bwi\u0119tem ju\u017c rok od uchwalenia, Konstytucja da\u0142a nam wielk\u0105 si\u0142\u0119, niekt\u00f3rzy historycy twierdz\u0105, \u017ce by\u0142o to pierwsze odzyskanie niepodleg\u0142o\u015bci \u2013 powiedzia\u0142 marsza\u0142ek Sejmu VIII kadencji. Marek Kuchci\u0144ski przypomnia\u0142 tak\u017ce, \u017ce rok temu w Sejmie ods\u0142oni\u0119to popiersia dw\u00f3ch marsza\u0142k\u00f3w Sejmu [&hellip;]"}