{"version":"1.0","provider_name":"\u041c\u0430\u0440\u0435\u043a \u041a\u0443\u0445\u0447\u0438\u043d\u0441\u044c\u043a\u0438\u0439","provider_url":"https:\/\/marekkuchcinski.pl\/uk","title":"Andrzej Duda - najlepszy prezydent dla Podkarpacia &#8211; Marek Kuchci\u0144ski","type":"rich","width":600,"height":338,"html":"<blockquote class=\"wp-embedded-content\" data-secret=\"Y8NVdwvFrl\"><a href=\"https:\/\/marekkuchcinski.pl\/uk\/wydarzenia\/andrzej-duda-najlepszy-prezydent-dla-podkarpacia\/\">\u0410\u043d\u0434\u0436\u0435\u0439 \u0414\u0443\u0434\u0430 - \u043d\u0430\u0439\u043a\u0440\u0430\u0449\u0438\u0439 \u043f\u0440\u0435\u0437\u0438\u0434\u0435\u043d\u0442 \u0434\u043b\u044f \u041f\u0456\u0434\u043a\u0430\u0440\u043f\u0430\u0442\u0441\u044c\u043a\u043e\u0433\u043e \u0440\u0435\u0433\u0456\u043e\u043d\u0443<\/a><\/blockquote><iframe sandbox=\"allow-scripts\" security=\"restricted\" src=\"https:\/\/marekkuchcinski.pl\/uk\/wydarzenia\/andrzej-duda-najlepszy-prezydent-dla-podkarpacia\/embed\/#?secret=Y8NVdwvFrl\" width=\"600\" height=\"338\" title=\"&#8220;Andrzej Duda &#8211; najlepszy prezydent dla Podkarpacia&#8221; &#8212; Marek Kuchci\u0144ski\" data-secret=\"Y8NVdwvFrl\" frameborder=\"0\" marginwidth=\"0\" marginheight=\"0\" scrolling=\"no\" class=\"wp-embedded-content\"><\/iframe><script>\n\/*! This file is auto-generated *\/\n!function(d,l){\"use strict\";l.querySelector&&d.addEventListener&&\"undefined\"!=typeof URL&&(d.wp=d.wp||{},d.wp.receiveEmbedMessage||(d.wp.receiveEmbedMessage=function(e){var t=e.data;if((t||t.secret||t.message||t.value)&&!\/[^a-zA-Z0-9]\/.test(t.secret)){for(var s,r,n,a=l.querySelectorAll('iframe[data-secret=\"'+t.secret+'\"]'),o=l.querySelectorAll('blockquote[data-secret=\"'+t.secret+'\"]'),c=new RegExp(\"^https?:$\",\"i\"),i=0;i<o.length;i++)o[i].style.display=\"none\";for(i=0;i<a.length;i++)s=a[i],e.source===s.contentWindow&&(s.removeAttribute(\"style\"),\"height\"===t.message?(1e3<(r=parseInt(t.value,10))?r=1e3:~~r<200&&(r=200),s.height=r):\"link\"===t.message&&(r=new URL(s.getAttribute(\"src\")),n=new URL(t.value),c.test(n.protocol))&&n.host===r.host&&l.activeElement===s&&(d.top.location.href=t.value))}},d.addEventListener(\"message\",d.wp.receiveEmbedMessage,!1),l.addEventListener(\"DOMContentLoaded\",function(){for(var e,t,s=l.querySelectorAll(\"iframe.wp-embedded-content\"),r=0;r<s.length;r++)(t=(e=s[r]).getAttribute(\"data-secret\"))||(t=Math.random().toString(36).substring(2,12),e.src+=\"#?secret=\"+t,e.setAttribute(\"data-secret\",t)),e.contentWindow.postMessage({message:\"ready\",secret:t},\"*\")},!1)))}(window,document);\n<\/script>","thumbnail_url":"https:\/\/marekkuchcinski.pl\/wp-content\/uploads\/2020\/07\/104330518_2632094760340070_4471677549464636120_n.jpg","thumbnail_width":960,"thumbnail_height":706,"description":"Andrzej Duda po reelekcj\u0119 idzie z has\u0142em \u201e\u0141\u0105czy nas Polska\u201d, ale na deklasuj\u0105ce konkurencj\u0119 poparcie na Podkarpaciu mo\u017ce liczy\u0107 r\u00f3wnie\u017c dzi\u0119ki temu, \u017ce PiS \u0142\u0105czy Polsk\u0119. \u2013 Kilka lat temu postawili\u015bmy sobie za cel zwi\u0119kszenie dost\u0119pno\u015bci do Podkarpacia, a remontowana droga 28, autostrada do Korczowej czy Via Carpatia s\u0105 dowodem na to, \u017ce spe\u0142niamy obietnice [&hellip;]"}