{"version":"1.0","provider_name":"Marek Kuchci\u0144ski","provider_url":"https:\/\/marekkuchcinski.pl\/ro","title":"IPN przyzna\u0142 Nagrody \"Kustosz Pami\u0119ci Narodowej\" &#8211; Marek Kuchci\u0144ski","type":"rich","width":600,"height":338,"html":"<blockquote class=\"wp-embedded-content\" data-secret=\"UcWPVW738i\"><a href=\"https:\/\/marekkuchcinski.pl\/ro\/wydarzenia\/15694\/\">IPN acord\u0103 distinc\u021bii de \"Custode al Memoriei Na\u021bionale\"<\/a><\/blockquote><iframe sandbox=\"allow-scripts\" security=\"restricted\" src=\"https:\/\/marekkuchcinski.pl\/ro\/wydarzenia\/15694\/embed\/#?secret=UcWPVW738i\" width=\"600\" height=\"338\" title=\"&#8220;IPN przyzna\u0142 Nagrody &#8222;Kustosz Pami\u0119ci Narodowej&#8221;&#8221; &#8212; Marek Kuchci\u0144ski\" data-secret=\"UcWPVW738i\" frameborder=\"0\" marginwidth=\"0\" marginheight=\"0\" scrolling=\"no\" class=\"wp-embedded-content\"><\/iframe><script>\n\/*! This file is auto-generated *\/\n!function(d,l){\"use strict\";l.querySelector&&d.addEventListener&&\"undefined\"!=typeof URL&&(d.wp=d.wp||{},d.wp.receiveEmbedMessage||(d.wp.receiveEmbedMessage=function(e){var t=e.data;if((t||t.secret||t.message||t.value)&&!\/[^a-zA-Z0-9]\/.test(t.secret)){for(var s,r,n,a=l.querySelectorAll('iframe[data-secret=\"'+t.secret+'\"]'),o=l.querySelectorAll('blockquote[data-secret=\"'+t.secret+'\"]'),c=new RegExp(\"^https?:$\",\"i\"),i=0;i<o.length;i++)o[i].style.display=\"none\";for(i=0;i<a.length;i++)s=a[i],e.source===s.contentWindow&&(s.removeAttribute(\"style\"),\"height\"===t.message?(1e3<(r=parseInt(t.value,10))?r=1e3:~~r<200&&(r=200),s.height=r):\"link\"===t.message&&(r=new URL(s.getAttribute(\"src\")),n=new URL(t.value),c.test(n.protocol))&&n.host===r.host&&l.activeElement===s&&(d.top.location.href=t.value))}},d.addEventListener(\"message\",d.wp.receiveEmbedMessage,!1),l.addEventListener(\"DOMContentLoaded\",function(){for(var e,t,s=l.querySelectorAll(\"iframe.wp-embedded-content\"),r=0;r<s.length;r++)(t=(e=s[r]).getAttribute(\"data-secret\"))||(t=Math.random().toString(36).substring(2,12),e.src+=\"#?secret=\"+t,e.setAttribute(\"data-secret\",t)),e.contentWindow.postMessage({message:\"ready\",secret:t},\"*\")},!1)))}(window,document);\n<\/script>","thumbnail_url":"https:\/\/marekkuchcinski.pl\/wp-content\/uploads\/2019\/05\/1a-1.jpg","thumbnail_width":2048,"thumbnail_height":1371,"description":"Biada narodowi, kt\u00f3ry o zachowanie pami\u0105tek przesz\u0142o\u015bci si\u0119 nie stara; wyrok zguby w\u00f3wczas dla siebie pisze \u2013 te s\u0142owa \u015bw. Rafa\u0142a Kalinowskiego, powsta\u0144ca styczniowego, &nbsp;przy\u015bwiecaj\u0105 idei nagrody przyznawanej przez Instytut Pami\u0119ci Narodowej. Kustosza Pami\u0119ci otrzymuj\u0105 bowiem osoby, kt\u00f3re po\u015bwi\u0119caj\u0105 si\u0119 dla Polski \u2013 kultywuj\u0105 jej tradycj\u0119, histori\u0119, chroni\u0105 od zapomnienia narodowe dziedzictwo kraju, kt\u00f3ry wycierpia\u0142 [&hellip;]"}